{"id":543,"date":"2021-04-16T22:29:22","date_gmt":"2021-04-16T20:29:22","guid":{"rendered":"https:\/\/www.telenec.cz\/?page_id=543"},"modified":"2021-07-09T12:26:26","modified_gmt":"2021-07-09T10:26:26","slug":"pravcicka-brana","status":"publish","type":"page","link":"https:\/\/www.telenec.cz\/index.php\/pravcicka-brana\/","title":{"rendered":"Prav\u010dick\u00e1 br\u00e1na"},"content":{"rendered":"<h2 class=\"has-vivid-red-color has-text-color wp-block-heading\" style=\"font-size:38px\">Skvost \u010cesk\u00e9ho \u0160v\u00fdcarska<\/h2>\n<p>Jedn\u00edm z nejnav\u0161t\u011bvovan\u011bj\u0161\u00edch m\u00edst a z\u00e1rove\u0148 symbolem N\u00e1rodn\u00edho parku \u010cesk\u00e9 \u0160v\u00fdcarsko je Prav\u010dick\u00e1 br\u00e1na.&nbsp; Je to nejv\u011bt\u0161\u00ed p\u0159irozen\u00e1 skaln\u00ed br\u00e1na na na\u0161em kontinentu. Je pova\u017eov\u00e1na za nejkr\u00e1sn\u011bj\u0161\u00ed p\u0159\u00edrodn\u00ed \u00fatvar \u010cesk\u00e9ho \u0160v\u00fdcarska a je zde co obdivovat.<\/p>\n<figure class=\"wp-block-image size-large\"><img loading=\"lazy\" decoding=\"async\" width=\"1000\" height=\"700\" src=\"https:\/\/www.telenec.cz\/wp-content\/uploads\/2021\/06\/mapa-Pravcicka.jpg\" alt=\"\" class=\"wp-image-1608\" srcset=\"https:\/\/www.telenec.cz\/wp-content\/uploads\/2021\/06\/mapa-Pravcicka.jpg 1000w, https:\/\/www.telenec.cz\/wp-content\/uploads\/2021\/06\/mapa-Pravcicka-300x210.jpg 300w, https:\/\/www.telenec.cz\/wp-content\/uploads\/2021\/06\/mapa-Pravcicka-768x538.jpg 768w\" sizes=\"(max-width: 706px) 89vw, (max-width: 767px) 82vw, 740px\" \/><\/figure>\n<p>Je v\u00fdsledkem mili\u00f3ny let trvaj\u00edc\u00edho zv\u011btr\u00e1v\u00e1n\u00ed v m\u00e9n\u011b odoln\u00e9 \u010d\u00e1sti skaln\u00edho masivu, tvo\u0159en\u00e9ho kv\u00e1drov\u00fdmi p\u00edskovci turonsk\u00e9ho st\u00e1\u0159\u00ed.<\/p>\n<figure class=\"wp-block-gallery columns-3 is-cropped wp-block-gallery-1 is-layout-flex wp-block-gallery-is-layout-flex\">\n<ul class=\"blocks-gallery-grid\">\n<li class=\"blocks-gallery-item\">\n<figure><a href=\"https:\/\/www.telenec.cz\/wp-content\/uploads\/2021\/06\/D.-Machi-2021.jpg\"><img loading=\"lazy\" decoding=\"async\" width=\"1000\" height=\"666\" src=\"https:\/\/www.telenec.cz\/wp-content\/uploads\/2021\/06\/D.-Machi-2021.jpg\" alt=\"\" data-id=\"1610\" data-full-url=\"https:\/\/www.telenec.cz\/wp-content\/uploads\/2021\/06\/D.-Machi-2021.jpg\" data-link=\"https:\/\/www.telenec.cz\/index.php\/pravcicka-brana\/d-machi-2021\/\" class=\"wp-image-1610\" srcset=\"https:\/\/www.telenec.cz\/wp-content\/uploads\/2021\/06\/D.-Machi-2021.jpg 1000w, https:\/\/www.telenec.cz\/wp-content\/uploads\/2021\/06\/D.-Machi-2021-300x200.jpg 300w, https:\/\/www.telenec.cz\/wp-content\/uploads\/2021\/06\/D.-Machi-2021-768x511.jpg 768w\" sizes=\"(max-width: 706px) 89vw, (max-width: 767px) 82vw, 740px\" \/><\/a><\/figure>\n<\/li>\n<li class=\"blocks-gallery-item\">\n<figure><a href=\"https:\/\/www.telenec.cz\/wp-content\/uploads\/2021\/06\/D.-Palko-Pravcicka-2020.jpg\"><img loading=\"lazy\" decoding=\"async\" width=\"1000\" height=\"666\" src=\"https:\/\/www.telenec.cz\/wp-content\/uploads\/2021\/06\/D.-Palko-Pravcicka-2020.jpg\" alt=\"\" data-id=\"1611\" data-full-url=\"https:\/\/www.telenec.cz\/wp-content\/uploads\/2021\/06\/D.-Palko-Pravcicka-2020.jpg\" data-link=\"https:\/\/www.telenec.cz\/index.php\/pravcicka-brana\/d-palko-pravcicka-2020\/\" class=\"wp-image-1611\" srcset=\"https:\/\/www.telenec.cz\/wp-content\/uploads\/2021\/06\/D.-Palko-Pravcicka-2020.jpg 1000w, https:\/\/www.telenec.cz\/wp-content\/uploads\/2021\/06\/D.-Palko-Pravcicka-2020-300x200.jpg 300w, https:\/\/www.telenec.cz\/wp-content\/uploads\/2021\/06\/D.-Palko-Pravcicka-2020-768x511.jpg 768w\" sizes=\"(max-width: 706px) 89vw, (max-width: 767px) 82vw, 740px\" \/><\/a><\/figure>\n<\/li>\n<li class=\"blocks-gallery-item\">\n<figure><a href=\"https:\/\/www.telenec.cz\/wp-content\/uploads\/2021\/06\/D.-Urban-Pravcicka-2019.jpg\"><img loading=\"lazy\" decoding=\"async\" width=\"1000\" height=\"666\" src=\"https:\/\/www.telenec.cz\/wp-content\/uploads\/2021\/06\/D.-Urban-Pravcicka-2019.jpg\" alt=\"\" data-id=\"1612\" data-full-url=\"https:\/\/www.telenec.cz\/wp-content\/uploads\/2021\/06\/D.-Urban-Pravcicka-2019.jpg\" data-link=\"https:\/\/www.telenec.cz\/index.php\/pravcicka-brana\/d-urban-pravcicka-2019\/\" class=\"wp-image-1612\" srcset=\"https:\/\/www.telenec.cz\/wp-content\/uploads\/2021\/06\/D.-Urban-Pravcicka-2019.jpg 1000w, https:\/\/www.telenec.cz\/wp-content\/uploads\/2021\/06\/D.-Urban-Pravcicka-2019-300x200.jpg 300w, https:\/\/www.telenec.cz\/wp-content\/uploads\/2021\/06\/D.-Urban-Pravcicka-2019-768x511.jpg 768w\" sizes=\"(max-width: 706px) 89vw, (max-width: 767px) 82vw, 740px\" \/><\/a><\/figure>\n<\/li>\n<li class=\"blocks-gallery-item\">\n<figure><a href=\"https:\/\/www.telenec.cz\/wp-content\/uploads\/2021\/06\/M.-Jelinkova-Pravcicka-2019.jpg\"><img loading=\"lazy\" decoding=\"async\" width=\"1000\" height=\"666\" src=\"https:\/\/www.telenec.cz\/wp-content\/uploads\/2021\/06\/M.-Jelinkova-Pravcicka-2019.jpg\" alt=\"\" data-id=\"1613\" data-full-url=\"https:\/\/www.telenec.cz\/wp-content\/uploads\/2021\/06\/M.-Jelinkova-Pravcicka-2019.jpg\" data-link=\"https:\/\/www.telenec.cz\/index.php\/pravcicka-brana\/m-jelinkova-pravcicka-2019\/\" class=\"wp-image-1613\" srcset=\"https:\/\/www.telenec.cz\/wp-content\/uploads\/2021\/06\/M.-Jelinkova-Pravcicka-2019.jpg 1000w, https:\/\/www.telenec.cz\/wp-content\/uploads\/2021\/06\/M.-Jelinkova-Pravcicka-2019-300x200.jpg 300w, https:\/\/www.telenec.cz\/wp-content\/uploads\/2021\/06\/M.-Jelinkova-Pravcicka-2019-768x511.jpg 768w\" sizes=\"(max-width: 706px) 89vw, (max-width: 767px) 82vw, 740px\" \/><\/a><\/figure>\n<\/li>\n<li class=\"blocks-gallery-item\">\n<figure><a href=\"https:\/\/www.telenec.cz\/wp-content\/uploads\/2021\/06\/M.-Tesar-Pravcicka-2021.jpg\"><img loading=\"lazy\" decoding=\"async\" width=\"1000\" height=\"666\" src=\"https:\/\/www.telenec.cz\/wp-content\/uploads\/2021\/06\/M.-Tesar-Pravcicka-2021.jpg\" alt=\"\" data-id=\"1614\" data-full-url=\"https:\/\/www.telenec.cz\/wp-content\/uploads\/2021\/06\/M.-Tesar-Pravcicka-2021.jpg\" data-link=\"https:\/\/www.telenec.cz\/index.php\/pravcicka-brana\/m-tesar-pravcicka-2021\/\" class=\"wp-image-1614\" srcset=\"https:\/\/www.telenec.cz\/wp-content\/uploads\/2021\/06\/M.-Tesar-Pravcicka-2021.jpg 1000w, https:\/\/www.telenec.cz\/wp-content\/uploads\/2021\/06\/M.-Tesar-Pravcicka-2021-300x200.jpg 300w, https:\/\/www.telenec.cz\/wp-content\/uploads\/2021\/06\/M.-Tesar-Pravcicka-2021-768x511.jpg 768w\" sizes=\"(max-width: 706px) 89vw, (max-width: 767px) 82vw, 740px\" \/><\/a><\/figure>\n<\/li>\n<li class=\"blocks-gallery-item\">\n<figure><a href=\"https:\/\/www.telenec.cz\/wp-content\/uploads\/2021\/06\/Pravcicka_2-2020.jpg\"><img loading=\"lazy\" decoding=\"async\" width=\"1000\" height=\"666\" src=\"https:\/\/www.telenec.cz\/wp-content\/uploads\/2021\/06\/Pravcicka_2-2020.jpg\" alt=\"\" data-id=\"1615\" data-full-url=\"https:\/\/www.telenec.cz\/wp-content\/uploads\/2021\/06\/Pravcicka_2-2020.jpg\" data-link=\"https:\/\/www.telenec.cz\/index.php\/pravcicka-brana\/pravcicka_2-2020\/\" class=\"wp-image-1615\" srcset=\"https:\/\/www.telenec.cz\/wp-content\/uploads\/2021\/06\/Pravcicka_2-2020.jpg 1000w, https:\/\/www.telenec.cz\/wp-content\/uploads\/2021\/06\/Pravcicka_2-2020-300x200.jpg 300w, https:\/\/www.telenec.cz\/wp-content\/uploads\/2021\/06\/Pravcicka_2-2020-768x511.jpg 768w\" sizes=\"(max-width: 706px) 89vw, (max-width: 767px) 82vw, 740px\" \/><\/a><\/figure>\n<\/li>\n<\/ul><figcaption class=\"blocks-gallery-caption\">Prav\u010dick\u00e1 br\u00e1na (auto\u0159i D. Machi, D. Palko, D. Urban, M. Jel\u00ednkov\u00e1, M. Tesa\u0159)<\/figcaption><\/figure>\n<p>Br\u00e1na neunikla pozornosti u\u017e prvn\u00edch obyvatel, kte\u0159\u00ed ji pro svoji jedine\u010dnost a enormn\u00ed rozm\u011bry (rozp\u011bt\u00ed u paty 26,5 m, v\u00fd\u0161ka 16 m) ozna\u010dovali jako &#8222;Velk\u00e1 br\u00e1na&#8220;. Prvn\u00ed p\u00edsemnou zm\u00ednku o n\u00ed nach\u00e1z\u00edme kolem roku 1410, kdy o zdej\u0161\u00ed lesy usilovaly dva mocn\u00e9 rody &#8211; <a rel=\"noreferrer noopener\" href=\"https:\/\/cs.wikipedia.org\/wiki\/Berkov%C3%A9_z_Dub%C3%A9\" data-type=\"URL\" data-id=\"https:\/\/cs.wikipedia.org\/wiki\/Berkov%C3%A9_z_Dub%C3%A9\" target=\"_blank\">Berkov\u00e9 z Dub\u00e9<\/a> a&nbsp; <a rel=\"noreferrer noopener\" href=\"https:\/\/cs.wikipedia.org\/wiki\/Vartenberkov%C3%A9\" data-type=\"URL\" data-id=\"https:\/\/cs.wikipedia.org\/wiki\/Vartenberkov%C3%A9\" target=\"_blank\">Wartenberkov\u00e9<\/a>. <\/p>\n<p>Jako mezn\u00ed znamen\u00ed se tehdy (stejn\u011b jako v dal\u0161\u00ed listin\u011b z roku 1451) uv\u00e1d\u011bla &#8222;Velk\u00e1 br\u00e1na&#8220; (Grosses Tor). &nbsp;Po ukon\u010den\u00ed mezn\u00edho sporu roku 1492 se hranice panstv\u00ed posunula severn\u011bji (tedy do m\u00edst dne\u0161n\u00ed st\u00e1tn\u00ed hranice) a br\u00e1na le\u017e\u00ed proto nyn\u00ed na \u00fazem\u00ed \u010cech.<\/p>\n<p>Zaj\u00edmav\u00fd je v\u00fdvoj n\u00e1zvu br\u00e1ny. V minulosti byly o n\u00e1zvu vytv\u00e1\u0159eny r\u016fzn\u00e9 hypot\u00e9zy vych\u00e1zej\u00edc\u00ed z romantick\u00fdch p\u0159edstav, ve kter\u00fdch si libovala turistick\u00e1 a vlastiv\u011bdn\u00e1 literatura minulosti. Pov\u011bst o poustevn\u00edkovi Prebischovi, kter\u00fd tu \u00fadajn\u011b s\u00eddlil a dal br\u00e1n\u011b jm\u00e9no, je poplatn\u00e1 tehdej\u0161\u00edmu romantick\u00e9mu naz\u00edr\u00e1n\u00ed. N\u011bmci ji skute\u010dn\u011b naz\u00fdvali Prebischtor. Jm\u00e9no br\u00e1ny mohlo b\u00fdt p\u0159evzato z n\u00e1zvu nejbli\u017e\u0161\u00edch ter\u00e9nn\u00edch \u00fatvar\u016f <strong>Prebischgrund<\/strong>, <strong>Prebischkegel<\/strong>, <strong>Prebischhorn<\/strong>.<\/p>\n<p>\u010casem v\u0161ak bylo zapot\u0159eb\u00ed br\u00e1nu konkr\u00e9tn\u011b pojmenovat. Nutnost pojmenov\u00e1n\u00ed vyplynula ze skute\u010dnosti, \u017ee s\u00edlil p\u0159\u00edliv ciz\u00edch n\u00e1v\u0161t\u011bvn\u00edk\u016f do t\u011bchto odlehl\u00fdch m\u00edst, kam do t\u00e9 doby p\u0159ich\u00e1zelo za prac\u00ed v lese ponejv\u00edce jen domorod\u00e9 obyvatelstvo. D\u011blo se tak zprvu nejednotn\u011b. Br\u00e1na m\u011bla &nbsp;r\u016fzn\u00e9 n\u00e1zvy, jako nap\u0159. Br\u00e1na P\u0159ebi\u0161ova, P\u0159ebi\u0161sk\u00e1 br\u00e1na, Velk\u00e1 br\u00e1na P\u0159ev\u00fd\u0161ovsk\u00e1 a P\u0159evy\u0161ovsk\u00e1 br\u00e1na. Nakonec se ve 30. letech 20. stolet\u00ed ust\u00e1lil sou\u010dasn\u00fd n\u00e1zev, kdy \u010desk\u00fd n\u00e1zev &nbsp;&nbsp;<strong>Prav\u010dick\u00e1 br\u00e1na<\/strong> byl p\u0159ipodobn\u011bn n\u011bmeck\u00e9mu.<\/p>\n<p>Prav\u010dick\u00e1 br\u00e1na byla nav\u0161t\u011bvov\u00e1na ji\u017e od konce 18. stolet\u00ed. V po\u010d\u00e1tc\u00edch turistick\u00e9ho objevov\u00e1n\u00ed kr\u00e1sy Prav\u010dick\u00e9 br\u00e1ny st\u00e1val u jej\u00ed paty mal\u00fd k\u016frou pobit\u00fd domek, slou\u017e\u00edc\u00ed jako v\u00fd\u010dep.<\/p>\n<p>Roku 1881 nechal majitel panstv\u00ed kn\u00ed\u017ee <a href=\"https:\/\/cs.wikipedia.org\/wiki\/Edmund_Clary-Aldringen\" data-type=\"URL\" data-id=\"https:\/\/cs.wikipedia.org\/wiki\/Edmund_Clary-Aldringen\" target=\"_blank\" rel=\"noreferrer noopener\">Edmund Clary-Aldringen<\/a> vystav\u011bt u Prav\u010dick\u00e9 br\u00e1ny v\u00fdletn\u00ed z\u00e1me\u010dek <strong>Sokol\u00ed hn\u00edzdo<\/strong>. Pozval si k tomu \u00fa\u010delu d\u011bln\u00edky z It\u00e1lie a to z prost\u00e9ho d\u016fvodu \u2013 byli nejlevn\u011bj\u0161\u00ed pracovn\u00ed silou. Cel\u00fd z\u00e1me\u010dek byl postaven b\u011bhem jedin\u00e9ho roku, co\u017e je p\u0159i jeho rozs\u00e1hlosti a dob\u011b, ve kter\u00e9 byl stav\u011bn, \u010das t\u00e9m\u011b\u0159 rekordn\u00ed. O n\u011bkolik let pozd\u011bji bylo na skaln\u00edch vyhl\u00eddk\u00e1ch v bezprost\u0159edn\u00edm okol\u00ed vybudov\u00e1no z\u00e1bradl\u00ed. Za vstup do are\u00e1lu se za\u010dal brzy po vystav\u011bn\u00ed restaurace platit poplatek.<\/p>\n<div class=\"wp-block-image\">\n<figure class=\"aligncenter size-large is-resized\"><a href=\"https:\/\/www.telenec.cz\/wp-content\/uploads\/2021\/06\/CZ_Sokoli_hnizdo.jpg\"><img loading=\"lazy\" decoding=\"async\" src=\"https:\/\/www.telenec.cz\/wp-content\/uploads\/2021\/06\/CZ_Sokoli_hnizdo.jpg\" alt=\"\" class=\"wp-image-1622\" width=\"372\" height=\"321\" srcset=\"https:\/\/www.telenec.cz\/wp-content\/uploads\/2021\/06\/CZ_Sokoli_hnizdo.jpg 1000w, https:\/\/www.telenec.cz\/wp-content\/uploads\/2021\/06\/CZ_Sokoli_hnizdo-300x259.jpg 300w, https:\/\/www.telenec.cz\/wp-content\/uploads\/2021\/06\/CZ_Sokoli_hnizdo-768x664.jpg 768w\" sizes=\"(max-width: 372px) 100vw, 372px\" \/><\/a><figcaption>Sokol\u00ed hn\u00edzdo<\/figcaption><\/figure>\n<\/div>\n<p>V \u0161edes\u00e1t\u00fdch letech 19. stolet\u00ed byla upravena stezka p\u0159es Dlouh\u00fd d\u016fl ur\u010den\u00e1 p\u0159edev\u0161\u00edm pro p\u0159\u00edstup na koni. Tato forma n\u00e1v\u0161t\u011bvy Prav\u010dick\u00e9 br\u00e1ny nebyla bezprobl\u00e9mov\u00e1. Nap\u0159\u00edklad v roce 1872 se v t\u011bchto m\u00edstech spla\u0161il  k\u016f\u0148 s Olgou Chotkovou, tetou \u017dofie Chotkov\u00e9, \u017eeny n\u00e1sledn\u00edka tr\u016fnu <a rel=\"noreferrer noopener\" href=\"https:\/\/cs.wikipedia.org\/wiki\/Franti%C5%A1ek_Ferdinand_d%27Este\" data-type=\"URL\" data-id=\"https:\/\/cs.wikipedia.org\/wiki\/Franti%C5%A1ek_Ferdinand_d%27Este\" target=\"_blank\">Franti\u0161ka Ferdinanda D\u00b4Este<\/a>.<\/p>\n<div class=\"wp-block-image\">\n<figure class=\"aligncenter size-large is-resized\"><a href=\"https:\/\/www.telenec.cz\/wp-content\/uploads\/2021\/06\/J.-Kilner-2017-pametni-deska.jpeg\"><img loading=\"lazy\" decoding=\"async\" src=\"https:\/\/www.telenec.cz\/wp-content\/uploads\/2021\/06\/J.-Kilner-2017-pametni-deska-1024x577.jpeg\" alt=\"\" class=\"wp-image-1624\" width=\"512\" height=\"289\" srcset=\"https:\/\/www.telenec.cz\/wp-content\/uploads\/2021\/06\/J.-Kilner-2017-pametni-deska-1024x577.jpeg 1024w, https:\/\/www.telenec.cz\/wp-content\/uploads\/2021\/06\/J.-Kilner-2017-pametni-deska-300x169.jpeg 300w, https:\/\/www.telenec.cz\/wp-content\/uploads\/2021\/06\/J.-Kilner-2017-pametni-deska-768x433.jpeg 768w, https:\/\/www.telenec.cz\/wp-content\/uploads\/2021\/06\/J.-Kilner-2017-pametni-deska.jpeg 1065w\" sizes=\"(max-width: 512px) 100vw, 512px\" \/><\/a><figcaption>Pam\u011btn\u00ed deska nehody O. Chotkov\u00e9 (autor J. Kilner 2017)<\/figcaption><\/figure>\n<\/div>\n<p>Koncem sedmdes\u00e1t\u00fdch let 19. stolet\u00ed byla upravena p\u0159\u00edstupov\u00e1 cesta od H\u0159enska tak zvan\u00fd Pelagiensteig. Tehdy do\u0161lo i k vybudov\u00e1n\u00ed promen\u00e1dn\u00ed stezky sm\u011brem k Mezn\u00ed Louce.<\/p>\n<p>Na za\u010d\u00e1tku 19. stolet\u00ed za\u010dali br\u00e1nu nav\u0161t\u011bvovat p\u0159edev\u0161\u00edm um\u011blci ze sousedn\u00edho Saska, kte\u0159\u00ed ji zachycovali ve sv\u00fdch d\u00edlech. <\/p>\n<figure class=\"wp-block-image size-large\"><img loading=\"lazy\" decoding=\"async\" width=\"1000\" height=\"666\" src=\"https:\/\/www.telenec.cz\/wp-content\/uploads\/2021\/06\/Franz_Xaver_Sandmann_-_Lithographieserie_uber_das_Elbsandsteingebirge_und_das_Elbetal_05.jpg\" alt=\"\" class=\"wp-image-1625\" srcset=\"https:\/\/www.telenec.cz\/wp-content\/uploads\/2021\/06\/Franz_Xaver_Sandmann_-_Lithographieserie_uber_das_Elbsandsteingebirge_und_das_Elbetal_05.jpg 1000w, https:\/\/www.telenec.cz\/wp-content\/uploads\/2021\/06\/Franz_Xaver_Sandmann_-_Lithographieserie_uber_das_Elbsandsteingebirge_und_das_Elbetal_05-300x200.jpg 300w, https:\/\/www.telenec.cz\/wp-content\/uploads\/2021\/06\/Franz_Xaver_Sandmann_-_Lithographieserie_uber_das_Elbsandsteingebirge_und_das_Elbetal_05-768x511.jpg 768w\" sizes=\"(max-width: 706px) 89vw, (max-width: 767px) 82vw, 740px\" \/><figcaption>Franz Xaver Sandmann<\/figcaption><\/figure>\n<p>Jednou z v\u00fdzna\u010dn\u00fdch  osobnost\u00ed, kter\u00e9 br\u00e1nu v tomto obdob\u00ed nav\u0161t\u00edvily,  byl &nbsp;d\u00e1nsk\u00fd spisovatel Hans Christian Andersen. Zav\u00edtal do t\u00e9to oblasti dokonce dvakr\u00e1t, v roce 1831 a 1851.<\/p>\n<p>V sou\u010dasnosti se lze k Prav\u010dick\u00e9 br\u00e1n\u011b dostat dv\u011bma p\u0159\u00edstupov\u00fdmi cestami. Krat\u0161\u00ed, ale zato n\u00e1ro\u010dn\u011bj\u0161\u00ed, vede po \u010derven\u00e9 turistick\u00e9 zna\u010dce z obce <a href=\"https:\/\/www.telenec.cz\/index.php\/hrensko\/\" data-type=\"URL\" data-id=\"https:\/\/www.telenec.cz\/index.php\/hrensko\/\" target=\"_blank\" rel=\"noreferrer noopener\">H\u0159ensko<\/a>. Po kr\u00e1tk\u00e9 cest\u011b po silnici je u k\u0159i\u017eovatky T\u0159i prameny odbo\u010dka na&nbsp; lesn\u00ed cestou, kter\u00e1&nbsp; 2 kilometry stoup\u00e1 Dlouh\u00fdm dolem a\u017e k br\u00e1n\u011b.<\/p>\n<p>Del\u0161\u00ed Gabrielina stezka za\u010d\u00edn\u00e1 ve 2 kilometry vzd\u00e1len\u00e9 obci Mezn\u00ed Louka a pokra\u010duje \u00fapat\u00edm K\u0159\u00eddeln\u00edch st\u011bn. Tato varianta je m\u00e9n\u011b n\u00e1ro\u010dn\u00e1 d\u00edky m\u00edrn\u011bj\u0161\u00edmu stoup\u00e1n\u00ed, jej\u00ed d\u00e9lka je asi 6,5 km.<\/p>\n<p>Od m\u00edsta vstupu do are\u00e1lu se rozb\u00edhaj\u00ed upraven\u00e9 stezky a schodi\u0161t\u011b na jednotliv\u00e9 vyhl\u00eddky, odkud m\u016f\u017eeme pozorovat samotnou Prav\u010dickou br\u00e1nu nebo se kochat p\u016fsobiv\u00fdmi pohledy do bl\u00edzk\u00e9ho i vzd\u00e1len\u011bj\u0161\u00edho okol\u00ed.<\/p>\n<figure class=\"wp-block-gallery columns-3 is-cropped wp-block-gallery-2 is-layout-flex wp-block-gallery-is-layout-flex\">\n<ul class=\"blocks-gallery-grid\">\n<li class=\"blocks-gallery-item\">\n<figure><a href=\"https:\/\/www.telenec.cz\/wp-content\/uploads\/2021\/06\/Jirnem-Pravcicka-vyhlidka-1-2016.jpg\"><img loading=\"lazy\" decoding=\"async\" width=\"1000\" height=\"662\" src=\"https:\/\/www.telenec.cz\/wp-content\/uploads\/2021\/06\/Jirnem-Pravcicka-vyhlidka-1-2016.jpg\" alt=\"\" data-id=\"1617\" data-full-url=\"https:\/\/www.telenec.cz\/wp-content\/uploads\/2021\/06\/Jirnem-Pravcicka-vyhlidka-1-2016.jpg\" data-link=\"https:\/\/www.telenec.cz\/index.php\/pravcicka-brana\/jirnem-pravcicka-vyhlidka-1-2016\/\" class=\"wp-image-1617\" srcset=\"https:\/\/www.telenec.cz\/wp-content\/uploads\/2021\/06\/Jirnem-Pravcicka-vyhlidka-1-2016.jpg 1000w, https:\/\/www.telenec.cz\/wp-content\/uploads\/2021\/06\/Jirnem-Pravcicka-vyhlidka-1-2016-300x199.jpg 300w, https:\/\/www.telenec.cz\/wp-content\/uploads\/2021\/06\/Jirnem-Pravcicka-vyhlidka-1-2016-768x508.jpg 768w\" sizes=\"(max-width: 706px) 89vw, (max-width: 767px) 82vw, 740px\" \/><\/a><\/figure>\n<\/li>\n<li class=\"blocks-gallery-item\">\n<figure><a href=\"https:\/\/www.telenec.cz\/wp-content\/uploads\/2021\/06\/Jirnem-Pravcicka-vyhlidka-4-2016.jpg\"><img loading=\"lazy\" decoding=\"async\" width=\"1000\" height=\"662\" src=\"https:\/\/www.telenec.cz\/wp-content\/uploads\/2021\/06\/Jirnem-Pravcicka-vyhlidka-4-2016.jpg\" alt=\"\" data-id=\"1618\" data-full-url=\"https:\/\/www.telenec.cz\/wp-content\/uploads\/2021\/06\/Jirnem-Pravcicka-vyhlidka-4-2016.jpg\" data-link=\"https:\/\/www.telenec.cz\/index.php\/pravcicka-brana\/jirnem-pravcicka-vyhlidka-4-2016\/\" class=\"wp-image-1618\" srcset=\"https:\/\/www.telenec.cz\/wp-content\/uploads\/2021\/06\/Jirnem-Pravcicka-vyhlidka-4-2016.jpg 1000w, https:\/\/www.telenec.cz\/wp-content\/uploads\/2021\/06\/Jirnem-Pravcicka-vyhlidka-4-2016-300x199.jpg 300w, https:\/\/www.telenec.cz\/wp-content\/uploads\/2021\/06\/Jirnem-Pravcicka-vyhlidka-4-2016-768x508.jpg 768w\" sizes=\"(max-width: 706px) 89vw, (max-width: 767px) 82vw, 740px\" \/><\/a><\/figure>\n<\/li>\n<li class=\"blocks-gallery-item\">\n<figure><a href=\"https:\/\/www.telenec.cz\/wp-content\/uploads\/2021\/06\/Jirnem-Pravcicka-vyhlidka-2016.jpg\"><img loading=\"lazy\" decoding=\"async\" width=\"1000\" height=\"662\" src=\"https:\/\/www.telenec.cz\/wp-content\/uploads\/2021\/06\/Jirnem-Pravcicka-vyhlidka-2016.jpg\" alt=\"\" data-id=\"1619\" data-full-url=\"https:\/\/www.telenec.cz\/wp-content\/uploads\/2021\/06\/Jirnem-Pravcicka-vyhlidka-2016.jpg\" data-link=\"https:\/\/www.telenec.cz\/index.php\/pravcicka-brana\/jirnem-pravcicka-vyhlidka-2016\/\" class=\"wp-image-1619\" srcset=\"https:\/\/www.telenec.cz\/wp-content\/uploads\/2021\/06\/Jirnem-Pravcicka-vyhlidka-2016.jpg 1000w, https:\/\/www.telenec.cz\/wp-content\/uploads\/2021\/06\/Jirnem-Pravcicka-vyhlidka-2016-300x199.jpg 300w, https:\/\/www.telenec.cz\/wp-content\/uploads\/2021\/06\/Jirnem-Pravcicka-vyhlidka-2016-768x508.jpg 768w\" sizes=\"(max-width: 706px) 89vw, (max-width: 767px) 82vw, 740px\" \/><\/a><\/figure>\n<\/li>\n<li class=\"blocks-gallery-item\">\n<figure><a href=\"https:\/\/www.telenec.cz\/wp-content\/uploads\/2021\/06\/Pravcicka-vyhlidka-2016.jpg\"><img loading=\"lazy\" decoding=\"async\" width=\"1000\" height=\"662\" src=\"https:\/\/www.telenec.cz\/wp-content\/uploads\/2021\/06\/Pravcicka-vyhlidka-2016.jpg\" alt=\"\" data-id=\"1620\" data-full-url=\"https:\/\/www.telenec.cz\/wp-content\/uploads\/2021\/06\/Pravcicka-vyhlidka-2016.jpg\" data-link=\"https:\/\/www.telenec.cz\/index.php\/pravcicka-brana\/pravcicka-vyhlidka-2016\/\" class=\"wp-image-1620\" srcset=\"https:\/\/www.telenec.cz\/wp-content\/uploads\/2021\/06\/Pravcicka-vyhlidka-2016.jpg 1000w, https:\/\/www.telenec.cz\/wp-content\/uploads\/2021\/06\/Pravcicka-vyhlidka-2016-300x199.jpg 300w, https:\/\/www.telenec.cz\/wp-content\/uploads\/2021\/06\/Pravcicka-vyhlidka-2016-768x508.jpg 768w\" sizes=\"(max-width: 706px) 89vw, (max-width: 767px) 82vw, 740px\" \/><\/a><\/figure>\n<\/li>\n<\/ul><figcaption class=\"blocks-gallery-caption\">Vyhl\u00eddky od Prav\u010dick\u00e9 br\u00e1ny (autor Jirnem)<\/figcaption><\/figure>\n<p>V are\u00e1lu Prav\u010dick\u00e9 br\u00e1ny je cel\u00e1 \u0159ada dal\u0161\u00edch zaj\u00edmav\u00fdch m\u00edst. Severoz\u00e1padn\u011b od   br\u00e1ny jsou nap\u0159\u00edklad zaj\u00edmav\u00e9 skaln\u00ed v\u011b\u017ee.<\/p>\n<figure class=\"wp-block-gallery columns-3 is-cropped wp-block-gallery-3 is-layout-flex wp-block-gallery-is-layout-flex\">\n<ul class=\"blocks-gallery-grid\">\n<li class=\"blocks-gallery-item\">\n<figure><a href=\"https:\/\/www.telenec.cz\/wp-content\/uploads\/2021\/06\/J.-Uher-2015-Vaclavska-vez.jpg\"><img loading=\"lazy\" decoding=\"async\" width=\"1000\" height=\"666\" src=\"https:\/\/www.telenec.cz\/wp-content\/uploads\/2021\/06\/J.-Uher-2015-Vaclavska-vez.jpg\" alt=\"\" data-id=\"1629\" data-full-url=\"https:\/\/www.telenec.cz\/wp-content\/uploads\/2021\/06\/J.-Uher-2015-Vaclavska-vez.jpg\" data-link=\"https:\/\/www.telenec.cz\/index.php\/pravcicka-brana\/j-uher-2015-vaclavska-vez\/\" class=\"wp-image-1629\" srcset=\"https:\/\/www.telenec.cz\/wp-content\/uploads\/2021\/06\/J.-Uher-2015-Vaclavska-vez.jpg 1000w, https:\/\/www.telenec.cz\/wp-content\/uploads\/2021\/06\/J.-Uher-2015-Vaclavska-vez-300x200.jpg 300w, https:\/\/www.telenec.cz\/wp-content\/uploads\/2021\/06\/J.-Uher-2015-Vaclavska-vez-768x511.jpg 768w\" sizes=\"(max-width: 706px) 89vw, (max-width: 767px) 82vw, 740px\" \/><\/a><\/figure>\n<\/li>\n<li class=\"blocks-gallery-item\">\n<figure><a href=\"https:\/\/www.telenec.cz\/wp-content\/uploads\/2021\/06\/J.-Uher-2020-Erichova-vez.jpg\"><img loading=\"lazy\" decoding=\"async\" width=\"1000\" height=\"666\" src=\"https:\/\/www.telenec.cz\/wp-content\/uploads\/2021\/06\/J.-Uher-2020-Erichova-vez.jpg\" alt=\"\" data-id=\"1630\" data-full-url=\"https:\/\/www.telenec.cz\/wp-content\/uploads\/2021\/06\/J.-Uher-2020-Erichova-vez.jpg\" data-link=\"https:\/\/www.telenec.cz\/index.php\/pravcicka-brana\/j-uher-2020-erichova-vez\/\" class=\"wp-image-1630\" srcset=\"https:\/\/www.telenec.cz\/wp-content\/uploads\/2021\/06\/J.-Uher-2020-Erichova-vez.jpg 1000w, https:\/\/www.telenec.cz\/wp-content\/uploads\/2021\/06\/J.-Uher-2020-Erichova-vez-300x200.jpg 300w, https:\/\/www.telenec.cz\/wp-content\/uploads\/2021\/06\/J.-Uher-2020-Erichova-vez-768x511.jpg 768w\" sizes=\"(max-width: 706px) 89vw, (max-width: 767px) 82vw, 740px\" \/><\/a><\/figure>\n<\/li>\n<li class=\"blocks-gallery-item\">\n<figure><a href=\"https:\/\/www.telenec.cz\/wp-content\/uploads\/2021\/06\/J.-Uher-2020-Krizova-vez.jpg\"><img loading=\"lazy\" decoding=\"async\" width=\"1000\" height=\"666\" src=\"https:\/\/www.telenec.cz\/wp-content\/uploads\/2021\/06\/J.-Uher-2020-Krizova-vez.jpg\" alt=\"\" data-id=\"1631\" data-full-url=\"https:\/\/www.telenec.cz\/wp-content\/uploads\/2021\/06\/J.-Uher-2020-Krizova-vez.jpg\" data-link=\"https:\/\/www.telenec.cz\/index.php\/pravcicka-brana\/j-uher-2020-krizova-vez\/\" class=\"wp-image-1631\" srcset=\"https:\/\/www.telenec.cz\/wp-content\/uploads\/2021\/06\/J.-Uher-2020-Krizova-vez.jpg 1000w, https:\/\/www.telenec.cz\/wp-content\/uploads\/2021\/06\/J.-Uher-2020-Krizova-vez-300x200.jpg 300w, https:\/\/www.telenec.cz\/wp-content\/uploads\/2021\/06\/J.-Uher-2020-Krizova-vez-768x511.jpg 768w\" sizes=\"(max-width: 706px) 89vw, (max-width: 767px) 82vw, 740px\" \/><\/a><\/figure>\n<\/li>\n<li class=\"blocks-gallery-item\">\n<figure><a href=\"https:\/\/www.telenec.cz\/wp-content\/uploads\/2021\/06\/J.-Uher-2020-Stara-Vaclavska-vez.jpg\"><img loading=\"lazy\" decoding=\"async\" width=\"1000\" height=\"666\" src=\"https:\/\/www.telenec.cz\/wp-content\/uploads\/2021\/06\/J.-Uher-2020-Stara-Vaclavska-vez.jpg\" alt=\"\" data-id=\"1632\" data-full-url=\"https:\/\/www.telenec.cz\/wp-content\/uploads\/2021\/06\/J.-Uher-2020-Stara-Vaclavska-vez.jpg\" data-link=\"https:\/\/www.telenec.cz\/index.php\/pravcicka-brana\/j-uher-2020-stara-vaclavska-vez\/\" class=\"wp-image-1632\" srcset=\"https:\/\/www.telenec.cz\/wp-content\/uploads\/2021\/06\/J.-Uher-2020-Stara-Vaclavska-vez.jpg 1000w, https:\/\/www.telenec.cz\/wp-content\/uploads\/2021\/06\/J.-Uher-2020-Stara-Vaclavska-vez-300x200.jpg 300w, https:\/\/www.telenec.cz\/wp-content\/uploads\/2021\/06\/J.-Uher-2020-Stara-Vaclavska-vez-768x511.jpg 768w\" sizes=\"(max-width: 706px) 89vw, (max-width: 767px) 82vw, 740px\" \/><\/a><\/figure>\n<\/li>\n<\/ul><figcaption class=\"blocks-gallery-caption\">V\u00e1clavsk\u00e1 v\u011b\u017e, Erichova v\u011b\u017e, K\u0159\u00ed\u017eov\u00e1 v\u011b\u017e, Star\u00e1 V\u00e1clavsk\u00e1 v\u011b\u017e (autor J. Uher 2020)<\/figcaption><\/figure>\n<figure class=\"wp-block-image size-large\"><img loading=\"lazy\" decoding=\"async\" width=\"1000\" height=\"750\" src=\"https:\/\/www.telenec.cz\/wp-content\/uploads\/2021\/06\/H.-Holecek-Maly-pravcicky-kuzel.jpg\" alt=\"\" class=\"wp-image-1634\" srcset=\"https:\/\/www.telenec.cz\/wp-content\/uploads\/2021\/06\/H.-Holecek-Maly-pravcicky-kuzel.jpg 1000w, https:\/\/www.telenec.cz\/wp-content\/uploads\/2021\/06\/H.-Holecek-Maly-pravcicky-kuzel-300x225.jpg 300w, https:\/\/www.telenec.cz\/wp-content\/uploads\/2021\/06\/H.-Holecek-Maly-pravcicky-kuzel-768x576.jpg 768w\" sizes=\"(max-width: 706px) 89vw, (max-width: 767px) 82vw, 740px\" \/><figcaption>Mal\u00fd Prav\u010dick\u00fd ku\u017eel (autor H. Hole\u010dek)<\/figcaption><\/figure>\n<p>Kousek pod Prav\u010dickou br\u00e1nou je  skaln\u00ed puklina zvan\u00e1 jeskyn\u011b \u010cesk\u00fdch brat\u0159\u00ed. Je dlouh\u00e1 30 metr\u016f. V pob\u011blohorsk\u00e9 dob\u011b byla jeskyn\u011b pravd\u011bpodobn\u011b \u00fato\u010di\u0161t\u011bm exulant\u016f. V jeskyni se nach\u00e1z\u00ed vyryt\u00fd letopo\u010det 1627.<\/p>\n<figure class=\"wp-block-gallery columns-2 is-cropped wp-block-gallery-4 is-layout-flex wp-block-gallery-is-layout-flex\">\n<ul class=\"blocks-gallery-grid\">\n<li class=\"blocks-gallery-item\">\n<figure><a href=\"https:\/\/www.telenec.cz\/wp-content\/uploads\/2021\/06\/J.Kralikova-Cbratri_1-2020.jpg\"><img loading=\"lazy\" decoding=\"async\" width=\"1000\" height=\"666\" src=\"https:\/\/www.telenec.cz\/wp-content\/uploads\/2021\/06\/J.Kralikova-Cbratri_1-2020.jpg\" alt=\"\" data-id=\"1636\" data-full-url=\"https:\/\/www.telenec.cz\/wp-content\/uploads\/2021\/06\/J.Kralikova-Cbratri_1-2020.jpg\" data-link=\"https:\/\/www.telenec.cz\/index.php\/pravcicka-brana\/j-kralikova-cbratri_1-2020\/\" class=\"wp-image-1636\" srcset=\"https:\/\/www.telenec.cz\/wp-content\/uploads\/2021\/06\/J.Kralikova-Cbratri_1-2020.jpg 1000w, https:\/\/www.telenec.cz\/wp-content\/uploads\/2021\/06\/J.Kralikova-Cbratri_1-2020-300x200.jpg 300w, https:\/\/www.telenec.cz\/wp-content\/uploads\/2021\/06\/J.Kralikova-Cbratri_1-2020-768x511.jpg 768w\" sizes=\"(max-width: 706px) 89vw, (max-width: 767px) 82vw, 740px\" \/><\/a><\/figure>\n<\/li>\n<li class=\"blocks-gallery-item\">\n<figure><a href=\"https:\/\/www.telenec.cz\/wp-content\/uploads\/2021\/06\/M.-Fojtik-Cbratri_3-2018.jpg\"><img loading=\"lazy\" decoding=\"async\" width=\"1000\" height=\"666\" src=\"https:\/\/www.telenec.cz\/wp-content\/uploads\/2021\/06\/M.-Fojtik-Cbratri_3-2018.jpg\" alt=\"\" data-id=\"1637\" data-full-url=\"https:\/\/www.telenec.cz\/wp-content\/uploads\/2021\/06\/M.-Fojtik-Cbratri_3-2018.jpg\" data-link=\"https:\/\/www.telenec.cz\/index.php\/pravcicka-brana\/m-fojtik-cbratri_3-2018\/\" class=\"wp-image-1637\" srcset=\"https:\/\/www.telenec.cz\/wp-content\/uploads\/2021\/06\/M.-Fojtik-Cbratri_3-2018.jpg 1000w, https:\/\/www.telenec.cz\/wp-content\/uploads\/2021\/06\/M.-Fojtik-Cbratri_3-2018-300x200.jpg 300w, https:\/\/www.telenec.cz\/wp-content\/uploads\/2021\/06\/M.-Fojtik-Cbratri_3-2018-768x511.jpg 768w\" sizes=\"(max-width: 706px) 89vw, (max-width: 767px) 82vw, 740px\" \/><\/a><\/figure>\n<\/li>\n<\/ul><figcaption class=\"blocks-gallery-caption\">Jeskyn\u011b \u010cesk\u00fdch brat\u0159\u00ed (auto\u0159i J. Kr\u00e1l\u00edkov\u00e1 2020, M. Fojt\u00edk 2018)<\/figcaption><\/figure>\n<p>\u010cetn\u00e1 n\u00e1v\u0161t\u011bvnost skaln\u00edch masiv\u016f v\u0161ak zp\u016fsobuje  zv\u00fd\u0161enou erozi vrchn\u00edch parti\u00ed a destrukci br\u00e1ny. Prvn\u00ed ochrana Prav\u010dick\u00e9 br\u00e1ny byla vyhl\u00e1\u0161ena v&nbsp;roce 1963, kdy byla usnesen\u00edm Okresn\u00edho n\u00e1rodn\u00edho v\u00fdboru D\u011b\u010d\u00edn vyhl\u00e1\u0161ena Chr\u00e1n\u011bn\u00fdm p\u0159\u00edrodn\u00edm v\u00fdtvorem a v&nbsp;roce 1992 byla vyhl\u00e1\u0161kou Ministerstva \u017eivotn\u00edho prost\u0159ed\u00ed p\u0159eklasifikov\u00e1na na N\u00e1rodn\u00ed p\u0159\u00edrodn\u00ed pam\u00e1tku. Po zji\u0161t\u011bn\u00ed n\u011bkolika trhlin byl v roce 1982 vstup turist\u016fm na br\u00e1nu zak\u00e1z\u00e1n. <\/p>\n<figure class=\"wp-block-gallery columns-2 is-cropped wp-block-gallery-5 is-layout-flex wp-block-gallery-is-layout-flex\">\n<ul class=\"blocks-gallery-grid\">\n<li class=\"blocks-gallery-item\">\n<figure><a href=\"https:\/\/www.telenec.cz\/wp-content\/uploads\/2021\/06\/Sredlova-Solne_vykvety_na_piskovci-scaled.jpg\"><img loading=\"lazy\" decoding=\"async\" width=\"768\" height=\"1024\" src=\"https:\/\/www.telenec.cz\/wp-content\/uploads\/2021\/06\/Sredlova-Solne_vykvety_na_piskovci-768x1024.jpg\" alt=\"\" data-id=\"1638\" data-full-url=\"https:\/\/www.telenec.cz\/wp-content\/uploads\/2021\/06\/Sredlova-Solne_vykvety_na_piskovci-scaled.jpg\" data-link=\"https:\/\/www.telenec.cz\/index.php\/pravcicka-brana\/sredlova-solne_vykvety_na_piskovci\/\" class=\"wp-image-1638\" srcset=\"https:\/\/www.telenec.cz\/wp-content\/uploads\/2021\/06\/Sredlova-Solne_vykvety_na_piskovci-768x1024.jpg 768w, https:\/\/www.telenec.cz\/wp-content\/uploads\/2021\/06\/Sredlova-Solne_vykvety_na_piskovci-225x300.jpg 225w, https:\/\/www.telenec.cz\/wp-content\/uploads\/2021\/06\/Sredlova-Solne_vykvety_na_piskovci-1152x1536.jpg 1152w, https:\/\/www.telenec.cz\/wp-content\/uploads\/2021\/06\/Sredlova-Solne_vykvety_na_piskovci-1536x2048.jpg 1536w, https:\/\/www.telenec.cz\/wp-content\/uploads\/2021\/06\/Sredlova-Solne_vykvety_na_piskovci-scaled.jpg 1920w\" sizes=\"(max-width: 706px) 89vw, (max-width: 767px) 82vw, 740px\" \/><\/a><\/figure>\n<\/li>\n<li class=\"blocks-gallery-item\">\n<figure><a href=\"https:\/\/www.telenec.cz\/wp-content\/uploads\/2021\/06\/Vyslapani_piskovce.jpg\"><img loading=\"lazy\" decoding=\"async\" width=\"750\" height=\"1000\" src=\"https:\/\/www.telenec.cz\/wp-content\/uploads\/2021\/06\/Vyslapani_piskovce.jpg\" alt=\"\" data-id=\"1639\" data-full-url=\"https:\/\/www.telenec.cz\/wp-content\/uploads\/2021\/06\/Vyslapani_piskovce.jpg\" data-link=\"https:\/\/www.telenec.cz\/index.php\/pravcicka-brana\/vyslapani_piskovce\/\" class=\"wp-image-1639\" srcset=\"https:\/\/www.telenec.cz\/wp-content\/uploads\/2021\/06\/Vyslapani_piskovce.jpg 750w, https:\/\/www.telenec.cz\/wp-content\/uploads\/2021\/06\/Vyslapani_piskovce-225x300.jpg 225w\" sizes=\"(max-width: 706px) 89vw, (max-width: 767px) 82vw, 740px\" \/><\/a><\/figure>\n<\/li>\n<\/ul><figcaption class=\"blocks-gallery-caption\">Uk\u00e1zka degradace  Prav\u010dick\u00e9 br\u00e1ny (autor Sredlov\u00e1)<\/figcaption><\/figure>\n<pre class=\"wp-block-preformatted\">[1] <a rel=\"noreferrer noopener\" href=\"https:\/\/www.telenec.cz\/wp-content\/uploads\/2021\/06\/pruvodce_ns_pravcicka.pdf\" target=\"_blank\"><em>Pr\u016fvodce po okol\u00ed Prav\u010dick\u00e9 br\u00e1ny<\/em><\/a> - publikace\n[2] <em>Stein K.: Daly Prav\u010dice jm\u00e9no Prav\u010dick\u00e9 br\u00e1n\u011b?.\u00a0www.pbrana.cz\u00a0[<a rel=\"noreferrer noopener\" href=\"https:\/\/web.archive.org\/web\/20141023204406\/http:\/www.pbrana.cz\/pravcicka-brana.php?pop=Y\" target=\"_blank\">Dostupn\u00e9 v\u00a0archivu<\/a><\/em>]-<em> web<\/em>\n[3] <em>Va\u0159ilov\u00e1 Z.,Belisov\u00e1 N.: Prav\u010dick\u00e1 br\u00e1na\u00a0: velk\u00e1 kniha o velk\u00e9 br\u00e1n\u011b, Nakladatelstv\u00ed Academia, Praha 2010<\/em><\/pre><\/p>\n","protected":false},"excerpt":{"rendered":"<p>Skvost \u010cesk\u00e9ho \u0160v\u00fdcarska Jedn\u00edm z nejnav\u0161t\u011bvovan\u011bj\u0161\u00edch m\u00edst a z\u00e1rove\u0148 symbolem N\u00e1rodn\u00edho parku \u010cesk\u00e9 \u0160v\u00fdcarsko je Prav\u010dick\u00e1 br\u00e1na.&nbsp; Je to nejv\u011bt\u0161\u00ed p\u0159irozen\u00e1 skaln\u00ed br\u00e1na na na\u0161em kontinentu. Je pova\u017eov\u00e1na za nejkr\u00e1sn\u011bj\u0161\u00ed p\u0159\u00edrodn\u00ed \u00fatvar \u010cesk\u00e9ho \u0160v\u00fdcarska a je zde co obdivovat. Je v\u00fdsledkem mili\u00f3ny let trvaj\u00edc\u00edho zv\u011btr\u00e1v\u00e1n\u00ed v m\u00e9n\u011b odoln\u00e9 \u010d\u00e1sti skaln\u00edho masivu, tvo\u0159en\u00e9ho kv\u00e1drov\u00fdmi p\u00edskovci turonsk\u00e9ho &hellip; <\/p>\n<p class=\"link-more\"><a href=\"https:\/\/www.telenec.cz\/index.php\/pravcicka-brana\/\" class=\"more-link\">Pokra\u010dovat ve \u010dten\u00ed<span class=\"screen-reader-text\"> &#8222;Prav\u010dick\u00e1 br\u00e1na&#8220;<\/span><\/a><\/p>\n","protected":false},"author":1,"featured_media":0,"parent":0,"menu_order":0,"comment_status":"closed","ping_status":"closed","template":"","meta":{"footnotes":"","_wp_rev_ctl_limit":"3"},"class_list":["post-543","page","type-page","status-publish","hentry"],"_links":{"self":[{"href":"https:\/\/www.telenec.cz\/index.php\/wp-json\/wp\/v2\/pages\/543"}],"collection":[{"href":"https:\/\/www.telenec.cz\/index.php\/wp-json\/wp\/v2\/pages"}],"about":[{"href":"https:\/\/www.telenec.cz\/index.php\/wp-json\/wp\/v2\/types\/page"}],"author":[{"embeddable":true,"href":"https:\/\/www.telenec.cz\/index.php\/wp-json\/wp\/v2\/users\/1"}],"replies":[{"embeddable":true,"href":"https:\/\/www.telenec.cz\/index.php\/wp-json\/wp\/v2\/comments?post=543"}],"version-history":[{"count":1,"href":"https:\/\/www.telenec.cz\/index.php\/wp-json\/wp\/v2\/pages\/543\/revisions"}],"predecessor-version":[{"id":2051,"href":"https:\/\/www.telenec.cz\/index.php\/wp-json\/wp\/v2\/pages\/543\/revisions\/2051"}],"wp:attachment":[{"href":"https:\/\/www.telenec.cz\/index.php\/wp-json\/wp\/v2\/media?parent=543"}],"curies":[{"name":"wp","href":"https:\/\/api.w.org\/{rel}","templated":true}]}}