{"id":2093,"date":"2021-09-16T16:26:00","date_gmt":"2021-09-16T14:26:00","guid":{"rendered":"https:\/\/www.telenec.cz\/?page_id=2093"},"modified":"2021-09-16T16:29:07","modified_gmt":"2021-09-16T14:29:07","slug":"turisticke-trasy","status":"publish","type":"page","link":"https:\/\/www.telenec.cz\/index.php\/turisticke-trasy\/","title":{"rendered":"Turistick\u00e9 cesty"},"content":{"rendered":"<h2 class=\"has-vivid-red-color has-text-color wp-block-heading\" style=\"font-size:38px\">UZAV\u0158EN\u00c9 TURISTICK\u00c9 CESTY V \u010cESK\u00c9M \u0160V\u00ddCARSKU,  CHKO LABSK\u00c9 P\u00cdSKOVCE A \u010c\u00c1STI CHKO LU\u017dICK\u00c9 HORY.<\/h2>\n<p>P\u0159evzato z Port\u00e1lu \u010cesk\u00e9ho \u0160v\u00fdcarska<\/p>\n<ol class=\"wp-block-list\">\n<li>Nov\u011b od 9\/2021 je do\u010dasn\u011b (dlouhodob\u011b) p\u0159elo\u017eena jedna z nejfrekventovan\u011bj\u0161\u00edch turistick\u00fdch tras v centr\u00e1ln\u00ed \u010d\u00e1sti n\u00e1rodn\u00edho parku &#8211; modr\u00e1 z Mezn\u00ed Louky sm\u011br Vysok\u00e1 L\u00edpa. Viz&nbsp;<a href=\"http:\/\/mapy.cz\/\" target=\"_blank\" rel=\"noreferrer noopener\">mapy.cz<\/a>. Sou\u010dasn\u011b s t\u00edm st\u00e1le plat\u00ed, \u017ee z n\u00ed nen\u00ed p\u0159\u00edstup po \u017elut\u00e9 do Divok\u00e9 sout\u011bsky.&nbsp;&nbsp;<\/li>\n<li>Spr\u00e1va n\u00e1rodn\u00edho parku sd\u011bluje ke dni 27. 8. 2021&nbsp;k uz\u00e1v\u011b\u0159e zna\u010den\u00e9 cesty \u0160aun\u0161tejn \u2013 Mal\u00e1 Prav\u010dick\u00e1 br\u00e1na:<br \/>Na z\u00e1klad\u011b v\u010derej\u0161\u00ed kontroly nebezpe\u010dn\u00fdch strom\u016f na \u010derven\u011b zna\u010den\u00e9 turistick\u00e9 trase pod&nbsp;<a href=\"https:\/\/www.ceskesvycarsko.cz\/cs\/zazitky\/cile\/saunstejn\">\u0160aun\u0161tejnem<\/a>&nbsp;jsme dnes rozhodli o jej\u00edm okam\u017eit\u00e9m uzav\u0159en\u00ed v \u00faseku od turistick\u00e9ho p\u0159\u00edst\u0159e\u0161ku pod hradem k Mal\u00e9 Prav\u010dick\u00e9 br\u00e1n\u011b. D\u016fvodem je extr\u00e9mn\u00ed riziko p\u00e1du odum\u0159el\u00fdch smrkov\u00fdch sou\u0161\u00ed. Situace se zde za necel\u00fd m\u011bs\u00edc vyvinula, pravd\u011bpodobn\u011b i v d\u016fsledku pov\u011btrnostn\u00edch vliv\u016f a de\u0161tiv\u00e9ho po\u010das\u00ed, bohu\u017eel velmi dramaticky a do\u0161lo ji\u017e k p\u00e1du n\u011bkolika strom\u016f p\u0159\u00edmo na cestu.<br \/>O dal\u0161\u00edm postupu v t\u00e9to z\u00e1le\u017eitosti v\u00e1s budeme informovat v nejbli\u017e\u0161\u00edch dnech. Tato cesta je za\u0159azena mezi cesty, kter\u00e9 budou udr\u017eov\u00e1ny v pr\u016fchoz\u00edm stavu i za cenu v\u00fdznamn\u00fdch z\u00e1sah\u016f, nicm\u00e9n\u011b s ohledem na jej\u00ed&nbsp;<a href=\"https:\/\/www.ceskesvycarsko.cz\/cs\/informace\/novinky\/omezeni-horolezectvi-pristupu-na-skalni-hrad-saunstejn-0\">pl\u00e1novanou uzav\u00edrku z d\u016fvodu prob\u00edhaj\u00edc\u00edch prac\u00ed na rekonstrukci p\u0159\u00edstupu na skaln\u00ed hrad<\/a>, o kter\u00e9 jsem v\u00e1s ji\u017e p\u0159ed \u010dasem informoval, je mo\u017en\u00e9, \u017ee bude nakonec uzav\u0159ena po del\u0161\u00ed dobu. D\u016fvodem v\u0161ak v tomto p\u0159\u00edpad\u011b nebude z\u00e1jem ochrany p\u0159\u00edrody (tj. odum\u0159el\u00e9 stromy zde nebudou ponech\u00e1ny samovoln\u00e9mu v\u00fdvoji, jako je tomu nap\u0159. na jin\u00fdch uzav\u0159en\u00fdch cest\u00e1ch v NP, ale budou odstran\u011bny), ale pr\u00e1v\u011b prob\u00edhaj\u00edc\u00ed pr\u00e1ce na skaln\u00edm hr\u00e1dku a s t\u00edm spojen\u00e9 zv\u00fd\u0161en\u00e9 nebezpe\u010d\u00ed pro n\u00e1v\u0161t\u011bvn\u00edky. Jakmile to situace dovol\u00ed, tj. jakmile budou rizikov\u00e9 stromy odstran\u011bny a pomine riziko ohro\u017een\u00ed zdrav\u00ed n\u00e1v\u0161t\u011bvn\u00edk\u016f v d\u016fsledku prob\u00edhaj\u00edc\u00ed rekonstrukce p\u0159\u00edstupu na hrad, bude cesta znovu otev\u0159ena.<br \/>P.S. Mal\u00e1 Prav\u010dick\u00e1 br\u00e1na z\u016fst\u00e1v\u00e1 p\u0159\u00edstupn\u00e1 po \u010derven\u00e9 TZT sm\u011brem od Mezn\u00ed Louky.<\/li>\n<li>Zelen\u00e1 zna\u010dka<strong>&nbsp;z Brtn\u00edk\u016f na Turistick\u00fd most.<\/strong>&nbsp;Uzav\u0159ena od Sov\u00ed vyhl\u00eddky do \u00fadol\u00ed Vl\u010d\u00edho potoka (do\u010dasn\u011b odstran\u011bno turistick\u00e9 zna\u010den\u00ed). Z Brtn\u00edk\u016f do Kyjovsk\u00e9ho \u00fadol\u00ed je mo\u017eno doj\u00edt po modr\u00e9 p\u0159es osadu Kopec a \u00fadol\u00edm Brtnick\u00e9ho potoka (a d\u00e1le nap\u0159.do Zadn\u00edch Doubic a do Sask\u00e9ho \u0160v\u00fdcarska) nebo po cyklotrase 3033 od \u017elut\u00e9 zna\u010dky spojuj\u00edc\u00ed osadu Vl\u010d\u00ed Hora a Brtn\u00edky. Tato cesta vede p\u0159\u00edmo k Turistick\u00e9mu mostu v Kyjovsk\u00e9m \u00fadol\u00ed.<br \/><em>Modr\u00e9 m\u00edstn\u00ed zna\u010den\u00ed v \u00faseku Vl\u010d\u00ed potok, U Jezevce \u2013 Vl\u010d\u00ed potok, U sk\u00e1ly z\u016fstalo a byly dopln\u011bny sm\u011brovky s nov\u00fdm aktu\u00e1ln\u00edm textem. Bohu\u017eel v sou\u010dasn\u00e9 dob\u011b zde L\u010cR v horn\u00ed \u010d\u00e1sti prov\u00e1d\u011bj\u00ed t\u011b\u017ebu&nbsp;a cesta je jak pro p\u011b\u0161\u00ed, tak zvl\u00e1\u0161t\u011b pro cyklisty obt\u00ed\u017en\u011bji pr\u016fchodn\u00e1, zvl\u00e1\u0161t\u011b kdy\u017e zapr\u0161\u00ed.<\/em><\/li>\n<li>Zelen\u00e1 spojka o<strong>d Vl\u010d\u00ed desky k Niederm\u00fchle<\/strong>&nbsp;(cesta p\u0159echodn\u011b uzav\u0159ena, nepr\u016fchodn\u00e1). Nejbli\u017e\u0161\u00ed p\u0159echod do Saska je v Zadn\u00edch Dubic\u00edch.<\/li>\n<li>D\u00e1lkov\u00e1 modr\u00e1 z Brtn\u00edk\u016f do Rynartic je p\u0159eru\u0161ena v<strong>&nbsp;\u00faseku Had\u00ed pramen &#8211; Panensk\u00e1 jedle<\/strong>, v\u010d. odbo\u010dky k \u010cern\u00e9 br\u00e1n\u011b (cesta p\u0159echodn\u011b uzav\u0159ena, nepr\u016fchodn\u00e1). N\u00e1hradn\u00ed trasu nelze realizovat. Okol\u00ed Panensk\u00e9 jedle&nbsp;<strong>je nyn\u00ed p\u0159\u00edstupn\u00e9 jen po modr\u00e9 a zelen\u00e9 ve sm\u011bru Na Tok\u00e1n\u00ed \u2013 Panensk\u00e1 jedle \u2013 b\u00fdval\u00e9 Zadn\u00ed Jet\u0159ichovice \u2013 Mezn\u00ed Louka a naopak.<\/strong><\/li>\n<li>\u017dlut\u00e1 z Kyjovsk\u00e9ho \u00fadol\u00ed do Divok\u00e9 rokle je uzav\u0159ena od za\u010d\u00e1tku klidov\u00e9ho \u00fazem\u00ed&nbsp;<strong>v Divok\u00e9 rokli&nbsp;<\/strong>k odb. k \u010cern\u00e9 br\u00e1n\u011b na rozcest\u00ed s takt\u00e9\u017e uzav\u0159enou v\u00fd\u0161e zm\u00edn\u011bnou modrou. (cesta p\u0159echodn\u011b uzav\u0159ena, nepr\u016fchodn\u00e1). Od rozcest\u00ed H\u0159ebec se zelnou nem\u00e1 smyl po \u017elut\u00e9 sestupovat na po\u010d\u00e1tek Divok\u00e9 rokle, nebo\u0165 je pak nutno vr\u00e1tit se stejn\u011b zp\u011bt.<\/li>\n<li>\u017dlut\u00e1 od Vysok\u00e9 L\u00edpy na Mezn\u00ed Louku je uzav\u0159ena v \u00faseku od odbo\u010dky<strong>&nbsp;pod \u0160aun\u0161tejnem k cyklotrase \u010d. 3030<\/strong>&nbsp;(cesta p\u0159echodn\u011b uzav\u0159ena, mo\u017enost obej\u00edt po \u010derven\u00e9 p\u0159es Malou Prav\u010dickou br\u00e1nu).<br \/><em>Ve sm\u011bru od Mezn\u00ed Louky je u uzav\u0159en\u00e9ho \u00faseku v m\u00edst\u011b odbo\u010den\u00ed od cyklotrasy um\u00edst\u011bna sm\u011brovka pro obch\u016fznou trasu po \u010derven\u00e9.<\/em><\/li>\n<li>\u010c\u00e1st d\u00e1lkov\u00e9 \u010derven\u00e9 od<strong>&nbsp;Mezn\u00ed Louky sm\u011brem na V\u011btrovec a Malou Prav\u010dickou br\u00e1nu<\/strong>&nbsp;(trasa p\u0159elo\u017eena soub\u011b\u017en\u011b se zelenou \/sm\u011br b\u00fdval\u00e9 Zadn\u00ed Jet\u0159ichovice\/ a napojena pozd\u011bji zp\u011bt na \u010dervenou, prodlou\u017een\u00ed cca 0,5 km).&nbsp;Na Mezn\u00ed Louce je vedle rozcestn\u00edku s turistick\u00fdmi sm\u011brovkami tabule s aktu\u00e1ln\u00edmi p\u0159elo\u017ekami a uzav\u00edrkami tras vedouc\u00edch z Mezn\u00ed Louky.<\/li>\n<li>Je uzav\u0159en pr\u016fchod&nbsp;<strong>Divokou sout\u011bskou ve sm\u011bru Mezn\u00ed Louka z horn\u00edho p\u0159\u00edstavi\u0161t\u011b(<\/strong>\u017elut\u00e1). N\u00e1v\u0161t\u011bva Divok\u00e9 sout\u011bsky je mo\u017en\u00e1 jen okruhem ve sm\u011bru od Edmundovy sout\u011bsky, tj. z Mezn\u00edho m\u016fstku. Odtud p\u011b\u0161ky proti proudu Kamenice k doln\u00edmu p\u0159\u00edstavi\u0161ti \u010dlun\u016f v Divok\u00e9 sout\u011bsce, plavba tam a zp\u011bt bez v\u00fdstupu \u010dlunu u horn\u00edho p\u0159\u00edstavi\u0161t\u011b, a zase p\u011b\u0161ky n\u00e1vrat k Mezn\u00edmu m\u016fstku (a dle pokra\u010dovat nap\u0159. do Mezn\u00e9)<\/li>\n<li>Zelen\u00e1 z&nbsp;<strong>H\u00e1jenek na Mezn\u00ed m\u016fstek<\/strong>&nbsp;(ve sm\u011bru od R\u016f\u017eov\u00e9\/Janova) je op\u011bt zp\u0159\u00edstupn\u011bna.<br \/><em>Cesta je otev\u0159ena s v\u00fdstrahou (Na vlastn\u00ed nebezpe\u010d\u00ed).&nbsp;Z\u00e1rove\u0148 se pracuje na zprovozn\u011bn\u00ed obch\u016fzn\u00e9 trasy, kter\u00e1 by m\u011bla b\u00fdt prozna\u010dena a zpr\u016fchodn\u011bna b\u011bhem z\u00e1\u0159\u00ed.<\/em><\/li>\n<li>\u010cerven\u00e1&nbsp;<strong>z H\u0159enska sm\u011br Prav\u010dick\u00e1 br\u00e1na<\/strong>: Stezka vedouc\u00ed pod\u00e9l silnice na rozcest\u00ed T\u0159i prameny je poni\u010dena po povodn\u00edch z 17. \u010dervence \u2013 nutno j\u00edt po silnici, pozor na provoz.<br \/><em>Rovn\u011b\u017e stezka od T\u0159\u00ed pramen\u016f k Prav\u010dick\u00e9 br\u00e1n\u011b je v n\u011bkter\u00fdch \u00fasec\u00edch poni\u010dena vlivem p\u0159\u00edvalov\u00e9ho de\u0161t\u011b. Je tud\u00ed\u017e&nbsp;nedostupn\u00e1 s ko\u010d\u00e1rky a invalidn\u00edmi voz\u00edky.<\/em><\/li>\n<li><strong>Hrad \u0160aun\u0161tejn<\/strong>&nbsp;s vyhl\u00eddkami (na \u010derven\u00e9 z Jet\u0159ichovic na Mezn\u00ed Louku) je kv\u016fli rekonstrukci uzav\u0159en do jara 2022<\/li>\n<li>Je uzav\u0159en pr\u016fchod&nbsp;<strong>Pavlinin\u00fdm \u00fadol\u00edm<\/strong>&nbsp;po d\u00e1lkov\u00e9 \u010derven\u00e9 od koupali\u0161t\u011b v Jet\u0159ichovic\u00edch do Studen\u00e9ho (dle informac\u00ed z s.p. Lesy \u010cR uzav\u00edrky&nbsp;v Pavlinin\u011b \u00fadol\u00ed potrvaj\u00ed&nbsp;min. do 20.10.2021)<\/li>\n<li>Je uzav\u0159en sestup po modr\u00e9&nbsp;<strong>z Rynartic do Pavlinina \u00fadol\u00ed<\/strong><\/li>\n<li>Je uzav\u0159en v\u00fdstup po zelen\u00e9&nbsp;<strong>od koupali\u0161t\u011b v Jet\u0159ichovic\u00edch<\/strong>&nbsp;sm\u011br \u010cesk\u00e1 Kamenice (tj. nen\u00ed pr\u016fchoz\u00ed cesta z \u010c. Kamenice do Jet\u0159ichovic, nutno volit modrou p\u0159es Filipov a V\u0161emily)<\/li>\n<li>Je uzav\u0159en&nbsp;<strong>pr\u016fchod rokl\u00ed Such\u00e9 Kamenice<\/strong>&nbsp;po d\u00e1lkov\u00e9 \u010derven\u00e9 ve sm\u011bru od rozcest\u00ed na silnici u H\u0159enska sm\u011br Arnlotice, ale je pr\u016fchoz\u00ed kombinace: Arnoltice \u2013 po modr\u00e9 do horn\u00ed \u010d\u00e1sti Such\u00e9 Kamenice a v\u00fdstup po \u010derven\u00e9 do Labsk\u00e9 Str\u00e1n\u011b a na Belvede<\/li>\n<li>V oblasti mod\u0159e zna\u010den\u00e9 trasy Zelen\u00fd k\u0159\u00ed\u017e &#8211; Trojbok\u00e1 kaple \u2013Zlod\u011bjsk\u00e1 cesta &#8211; Tane\u010dnice je velmi \u0161patn\u00e1 situace v d\u016fsledku t\u011b\u017eby, \u010dasto nepr\u016fchodn\u00e9, bez zna\u010den\u00ed.<\/li>\n<li>Nov\u011b je uzav\u0159en \u00fasek zelen\u00e9 TZT od Mezn\u00ed Louky, sm\u011b\u0159uj\u00edc\u00ed po odbo\u010den\u00ed do\u010dasn\u00e9 \u010derven\u00e9 do Hlubok\u00e9ho dolu (viz p\u0159\u00edloha). Nebezpe\u010dn\u00fd \u00fasek je mo\u017en\u00e9 obej\u00edt po \u010derven\u00e9 TZT a cyklotrase \u010d. 3030. V tomto \u00faseku je rovn\u011b\u017e &nbsp;do\u010dasn\u011b zru\u0161eno zna\u010den\u00ed, a nebude zde tedy prob\u00edhat pravideln\u00e1 kontrola nebezpe\u010dn\u00fdch strom\u016f.<\/li>\n<\/ol>\n","protected":false},"excerpt":{"rendered":"<p>UZAV\u0158EN\u00c9 TURISTICK\u00c9 CESTY V \u010cESK\u00c9M \u0160V\u00ddCARSKU, CHKO LABSK\u00c9 P\u00cdSKOVCE A \u010c\u00c1STI CHKO LU\u017dICK\u00c9 HORY. P\u0159evzato z Port\u00e1lu \u010cesk\u00e9ho \u0160v\u00fdcarska Nov\u011b od 9\/2021 je do\u010dasn\u011b (dlouhodob\u011b) p\u0159elo\u017eena jedna z nejfrekventovan\u011bj\u0161\u00edch turistick\u00fdch tras v centr\u00e1ln\u00ed \u010d\u00e1sti n\u00e1rodn\u00edho parku &#8211; modr\u00e1 z Mezn\u00ed Louky sm\u011br Vysok\u00e1 L\u00edpa. Viz&nbsp;mapy.cz. Sou\u010dasn\u011b s t\u00edm st\u00e1le plat\u00ed, \u017ee z n\u00ed nen\u00ed p\u0159\u00edstup &hellip; <\/p>\n<p class=\"link-more\"><a href=\"https:\/\/www.telenec.cz\/index.php\/turisticke-trasy\/\" class=\"more-link\">Pokra\u010dovat ve \u010dten\u00ed<span class=\"screen-reader-text\"> &#8222;Turistick\u00e9 cesty&#8220;<\/span><\/a><\/p>\n","protected":false},"author":1,"featured_media":0,"parent":0,"menu_order":0,"comment_status":"closed","ping_status":"closed","template":"","meta":{"footnotes":"","_wp_rev_ctl_limit":""},"class_list":["post-2093","page","type-page","status-publish","hentry"],"_links":{"self":[{"href":"https:\/\/www.telenec.cz\/index.php\/wp-json\/wp\/v2\/pages\/2093"}],"collection":[{"href":"https:\/\/www.telenec.cz\/index.php\/wp-json\/wp\/v2\/pages"}],"about":[{"href":"https:\/\/www.telenec.cz\/index.php\/wp-json\/wp\/v2\/types\/page"}],"author":[{"embeddable":true,"href":"https:\/\/www.telenec.cz\/index.php\/wp-json\/wp\/v2\/users\/1"}],"replies":[{"embeddable":true,"href":"https:\/\/www.telenec.cz\/index.php\/wp-json\/wp\/v2\/comments?post=2093"}],"version-history":[{"count":2,"href":"https:\/\/www.telenec.cz\/index.php\/wp-json\/wp\/v2\/pages\/2093\/revisions"}],"predecessor-version":[{"id":2095,"href":"https:\/\/www.telenec.cz\/index.php\/wp-json\/wp\/v2\/pages\/2093\/revisions\/2095"}],"wp:attachment":[{"href":"https:\/\/www.telenec.cz\/index.php\/wp-json\/wp\/v2\/media?parent=2093"}],"curies":[{"name":"wp","href":"https:\/\/api.w.org\/{rel}","templated":true}]}}